{"id":2049,"date":"2019-01-14T21:01:07","date_gmt":"2019-01-14T23:01:07","guid":{"rendered":"http:\/\/dancarmarketing.com.br\/?page_id=2049"},"modified":"2020-10-29T14:36:52","modified_gmt":"2020-10-29T16:36:52","slug":"turnes-nacionais","status":"publish","type":"page","link":"https:\/\/www.dancarmarketing.com.br\/en\/turnes-nacionais\/","title":{"rendered":"Tours<br>Brazilian Artists<br><br>"},"content":{"rendered":"<div class=\"container\">\n<div class=\"row\">\n<div class=\" col-md-3\">\nAdriana Calcanhoto<br \/>\nAgnaldo Rayol<br \/>\nAlceu Valen\u00e7a<br \/>\nAlcione<br \/>\nAlessandro Sangiorgi<br \/>\nAlmir Sater<br \/>\nAndr\u00e9 Christovam<br \/>\nAnitta<br \/>\nAnna Maria Kiefer<br \/>\nAnt\u00f4nio Abujamra<br \/>\nAri Borger<br \/>\nArthur Barbosa<br \/>\nArthur Moreira Lima<br \/>\nArtur Menezes<br \/>\nBachiana Chamber Orchestra<br \/>\nBachiana Youth Orchestra<br \/>\nBaden Powell<br \/>\nB\u00e1lk\u00e3n Neo Ensemble<br \/>\nBanda Did\u00e1<br \/>\nBanda Voou<br \/>\nBanda Mantiqueira<br \/>\nBete Coelho<br \/>\nBeto Lee<br \/>\nBig Allanbik<br \/>\nBloco Tambolel\u00ea<br \/>\nBlues Et\u00edlicos<br \/>\nCamarones Orquestra Guitarr\u00edstica<br \/>\nCarlinhos Brown<br \/>\nC\u00e9line Imbert<br \/>\nC\u00e9sar Cardoso<br \/>\nC\u00e9u<br \/>\nChit\u00e3ozinho &#038; Xoror\u00f3<br \/>\nCia Fractons<br \/>\nCia N\u00facleo Art\u00edstico de Belo Horizonte<br \/>\nCisne Negro Companhia de Dan\u00e7a<br \/>\nClaudia Riccitelli<br \/>\nCoral \u00c1rvore da Vida<br \/>\nCoral Bachiana<br \/>\nCoral da Gente do Instituto Baccarelli<br \/>\nCoral do Instituto dos Meninos Cantores de Petr\u00f3polis<br \/>\nCoral Infantil HSBC<br \/>\nCoral Jovem do Estado de S\u00e3o Paulo<br \/>\nCoral Meninas Cantoras de Petr\u00f3polis<br \/>\nCordel do Fogo Encantado<br \/>\nCoro Philarmonia<br \/>\nDan Stulbach<br \/>\nDaniel<br \/>\nDaniel Daibem<br \/>\nDaniela Mercury<br \/>\nDa\u00fade<br \/>\nD\u00e9bora Falabella<br \/>\nDimi Zumqu\u00ea<br \/>\nDJ Patife<br \/>\nDominguinhos<br \/>\nEdino Krieger<br \/>\nEdna D\u2019Oliveira<br \/>\nEiko Senda<\/div>\n<div class=\" col-md-3\">\nElba Ramalho<br \/>\nEsther G\u00f3es<br \/>\nExposi\u00e7\u00e3o 100 anos de Moda<br \/>\nF\u00e1bio Goya<br \/>\nFaf\u00e1 de Bel\u00e9m<br \/>\nFl\u00e1vio Guimar\u00e3es<br \/>\nFrejat<br \/>\nFresno<br \/>\nFundo de Quintal<br \/>\nGeneral Bonimores<br \/>\nGilberto de Syllos<br \/>\nGilberto Gil<br \/>\nGrupo Charanga<br \/>\nGrupo Choronas<br \/>\nGrupo de Dan\u00e7a da Universidade Federal do Paran\u00e1<br \/>\nGrupo Tarum\u00e3<br \/>\nGuilherme Arantes<br \/>\nHamilton de Holanda<br \/>\nHammond Grooves<br \/>\nIgor Prado<br \/>\nIra!<br \/>\nIrmandade do Blues<br \/>\nIsa Nielsen<br \/>\nIvan Lins<br \/>\nIvan Vilela e Trio<br \/>\nIvete Sangalo<br \/>\nJean William<br \/>\nJoana<br \/>\nJo\u00e3o Bosco<br \/>\nJorge Arag\u00e3o<br \/>\nJorge Ben Jor<br \/>\nJota Quest<br \/>\nKid Abelha<br \/>\nLari Basilio<br \/>\nL\u00e1zaro\u00a0Ramos<br \/>\nLeandro &#038; Leonardo<br \/>\nLeila Pinheiro<br \/>\nLenine<br \/>\nLeo Saramago<br \/>\nLexo Big Band Tatu\u00ed<br \/>\nL\u00f4 Borges<br \/>\nLuciana Mello<br \/>\nLuiz Gonzaga<br \/>\nLuiz Melodia<br \/>\nMaestrina Cl\u00e1udia Feres<br \/>\nMaestrina \u00c9rica Hindrikson<br \/>\nMaestrina L\u00edgia Amadio<br \/>\nMaestro Amilson Godoy<br \/>\nMaestro Carlos Moreno<br \/>\nMaestro Edilson Venturelli<br \/>\nMaestro Isaac Karabtchevsky<br \/>\nMaestro Jo\u00e3o Carlos Martins<br \/>\nMaestro John Neschling<br \/>\nMaestro Julio Medaglia<br \/>\nMaestro La\u00e9rcio Sinhorelli Diniz<br \/>\nMaestro Luiz Fernando Malheiro<br \/>\nMaestro Roberto Sion<br \/>\nMaestro Rodrigo Vitta<\/div>\n<div class=\" col-md-3\">\nMarcelo D2<br \/>\nMarcelo Bratke<br \/>\nMargareth Menezes<br \/>\nMaria Rita<br \/>\nMarina Machado<br \/>\nM\u00e1rio Bortolotto<br \/>\nMazin Silva<br \/>\nMeninas de Sinh\u00e1<br \/>\nMichel Tel\u00f3<br \/>\nMilton Nascimento<br \/>\nMundo Livre S\/A<br \/>\nMustache e os Apaches<br \/>\nMutrib (Gypsy Jazz Band)<br \/>\nNailor Azevedo (Proveta)<br \/>\nNana Caymmi<br \/>\nNelson Motta<br \/>\nNetto Rockfeller<br \/>\nNeymar Dias Quarteto<br \/>\nNuno Mindelis<br \/>\nNXZero<br \/>\nO Bardo e o Banjo<br \/>\nOrquestra Bachiana Filarm\u00f4nica<br \/>\nOrquestra Brasileira Arte Viva<br \/>\nOrquestra e Coral da AFFOSPA (Associa\u00e7\u00e3o dos Empregados da Funda\u00e7\u00e3o Orquestra Sinf\u00f4nica de Porto Alegre)<br \/>\nOrquestra Feminina Avon Women in Concert<br \/>\nOrquestra de Frevo de Recife<br \/>\nOrquestra do Amazonas<br \/>\nOrquestra do Projeto de Educa\u00e7\u00e3o Musical do Santu\u00e1rio Nacional \u2013 PEMSA<br \/>\nOrquestra Filarm\u00f4nica de Curitiba<br \/>\nOrquestra Filarm\u00f4nica de Goi\u00e1s<br \/>\nOrquestra Filarm\u00f4nica de Mulheres<br \/>\nOrquestra Filarm\u00f4nica de S\u00e3o Paulo<br \/>\nOrquestra HSBC<br \/>\nOrquestra Jovem do Estado de S\u00e3o Paulo<br \/>\nOrquestra Juvenil Heli\u00f3polis<br \/>\nOrquestra Metropolitana &#038; Cordas Russas<br \/>\nOrquestra M\u00fasica dos Mundos<br \/>\nOrquestra Paulistana de Viola Caipira<br \/>\nOrquestra Popular da Bahia<br \/>\nOrquestra Sinf\u00f4nica da Bahia<br \/>\nOrquestra Sinf\u00f4nica de Minas Gerais<br \/>\nOrquestra Sinf\u00f4nica de Porto Alegre<br \/>\nOrquestra Sinf\u00f4nica do Conservat\u00f3rio de Tatu\u00ed<br \/>\nOrquestra Sinf\u00f4nica do Estado de S\u00e3o Paulo<br \/>\nOrquestra Sinf\u00f4nica do Paran\u00e1<br \/>\nOrquestra Sinf\u00f4nica do Recife<br \/>\nOrquestra Sinf\u00f4nica Municipal de S\u00e3o Paulo<\/div>\n<div class=\" col-md-3\">\nOs Lontras<br \/>\nOsmar Barutti<br \/>\nPalavra Cantada<br \/>\nParalamas do Sucesso<br \/>\nPato Fu<br \/>\nPaula Fernandes<br \/>\nPaula Lima<br \/>\nPaulinho da Viola<br \/>\nPe. Ant\u00f4nio Maria<br \/>\nPe. F\u00e1bio de Melo<br \/>\nPe. Jo\u00e3ozinho<br \/>\nPe. Juarez de Castro<br \/>\nPe. Marcos Roberto<br \/>\nPe. Omar<br \/>\nPe. Periquito<br \/>\nPe. Reginaldo Manzotti<br \/>\nPe. Zezinho<br \/>\nPitty<br \/>\nPreta Gil<br \/>\nProjeto Bate Lata<br \/>\nRaul Cortez<br \/>\nRenato Borghetti<br \/>\nRenato Teixeira<br \/>\nRita Lee<br \/>\nRoberta S\u00e1<br \/>\nRodrigo Pitta<br \/>\nRosana Lamosa<br \/>\nRuri\u00e1 Duprat<br \/>\nSandy<br \/>\nSelma do C\u00f4co<br \/>\nS\u00e9rgio Casoy<br \/>\nSeu Jorge<br \/>\nSideral<br \/>\nSkank<br \/>\nS\u00f3stenes Lima<br \/>\nStones Blues Band<br \/>\nTambores de Minas<br \/>\nTati e Nina Par\u00e1<br \/>\nTiffany Harp<br \/>\nTit\u00e3s<br \/>\nT\u00f4nia Carrero<br \/>\nToquinho<br \/>\nTraditional Jazz Band<br \/>\nUbaldo Versolato<br \/>\nVana Bock<br \/>\nVanessa da Mata<br \/>\nV\u00e2nia Bastos<br \/>\nVitor Araujo<br \/>\nWagner Tiso<br \/>\nYamandu Costa<br \/>\nZ\u00e9 Ramalho<br \/>\nZ\u00e9lia Duncan<br \/>\nZiza Fernandes<br \/>\nZuza Homem de Mello\n<\/div>\n<\/div>\n<\/div>\n","protected":false},"excerpt":{"rendered":"<p>Adriana Calcanhoto Agnaldo Rayol Alceu Valen\u00e7a Alcione Alessandro Sangiorgi Almir Sater Andr\u00e9 Christovam Anitta Anna Maria Kiefer Ant\u00f4nio Abujamra Ari Borger Arthur Barbosa Arthur Moreira Lima Artur Menezes Bachiana Chamber Orchestra Bachiana Youth Orchestra Baden Powell B\u00e1lk\u00e3n Neo Ensemble Banda Did\u00e1 Banda Voou Banda Mantiqueira Bete Coelho Beto Lee Big Allanbik Bloco Tambolel\u00ea Blues Et\u00edlicos [&hellip;]<\/p>\n","protected":false},"author":4,"featured_media":2274,"parent":0,"menu_order":64,"comment_status":"closed","ping_status":"closed","template":"pagina-white.php","meta":[],"translation":{"provider":"WPGlobus","version":"2.6.5","language":"en","enabled_languages":["br","en"],"languages":{"br":{"title":true,"content":true,"excerpt":false},"en":{"title":true,"content":true,"excerpt":false}}},"yoast_head":"<!-- This site is optimized with the Yoast SEO plugin v15.8 - https:\/\/yoast.com\/wordpress\/plugins\/seo\/ -->\n<title>ToursBrazilian Artists - DMKT Productions %<\/title>\n<meta name=\"robots\" content=\"index, follow, max-snippet:-1, max-image-preview:large, max-video-preview:-1\" \/>\n<link rel=\"canonical\" href=\"https:\/\/18.228.218.113\/en\/turnes-nacionais\/\" \/>\n<meta property=\"og:locale\" content=\"en_US\" \/>\n<meta property=\"og:type\" content=\"article\" \/>\n<meta property=\"og:title\" content=\"ToursBrazilian Artists - DMKT Productions %\" \/>\n<meta property=\"og:url\" content=\"https:\/\/18.228.218.113\/en\/turnes-nacionais\/\" \/>\n<meta property=\"og:site_name\" content=\"DMKT Productions\" \/>\n<meta property=\"article:publisher\" content=\"https:\/\/www.facebook.com\/dancarmarketing\" \/>\n<meta property=\"article:modified_time\" content=\"2020-10-29T16:36:52+00:00\" \/>\n<meta property=\"og:image\" content=\"https:\/\/www.dancarmarketing.com.br\/wp-content\/uploads\/2019\/01\/header-nacional.jpg\" \/>\n\t<meta property=\"og:image:width\" content=\"1240\" \/>\n\t<meta property=\"og:image:height\" content=\"366\" \/>\n<meta name=\"twitter:card\" content=\"summary_large_image\" \/>\n<meta name=\"twitter:site\" content=\"@dancarmarketing\" \/>\n<meta name=\"twitter:label1\" content=\"Est. reading time\">\n\t<meta name=\"twitter:data1\" content=\"7 minutes\">\n<script type=\"application\/ld+json\" class=\"yoast-schema-graph\">{\"@context\":\"https:\/\/schema.org\",\"@graph\":[{\"@type\":\"Organization\",\"@id\":\"https:\/\/dancarmarketing.com.br\/#organization\",\"name\":\"Dan\\u00e7ar Marketing\",\"url\":\"https:\/\/dancarmarketing.com.br\/\",\"sameAs\":[\"https:\/\/www.facebook.com\/dancarmarketing\",\"https:\/\/instagram.com\/dancarmarketing\",\"https:\/\/www.linkedin.com\/company\/2166385\/admin\/\",\"https:\/\/www.youtube.com\/user\/dancarmarketing\",\"https:\/\/twitter.com\/dancarmarketing\"],\"logo\":{\"@type\":\"ImageObject\",\"@id\":\"https:\/\/dancarmarketing.com.br\/#logo\",\"inLanguage\":\"en-US\",\"url\":\"\",\"caption\":\"Dan\\u00e7ar Marketing\"},\"image\":{\"@id\":\"https:\/\/dancarmarketing.com.br\/#logo\"}},{\"@type\":\"WebSite\",\"@id\":\"https:\/\/dancarmarketing.com.br\/#website\",\"url\":\"https:\/\/dancarmarketing.com.br\/\",\"name\":\"DMKT Productions\",\"description\":\"One of the most important agencies of events and cultural projects, Dan\\u00e7ar Marketing has been on this market for 40 years, generating value and setting up reputation for brands, through culture and entertainment.\",\"publisher\":{\"@id\":\"https:\/\/dancarmarketing.com.br\/#organization\"},\"potentialAction\":[{\"@type\":\"SearchAction\",\"target\":\"https:\/\/dancarmarketing.com.br\/?s={search_term_string}\",\"query-input\":\"required name=search_term_string\"}],\"inLanguage\":\"en-US\"},{\"@type\":\"ImageObject\",\"@id\":\"https:\/\/18.228.218.113\/en\/turnes-nacionais\/#primaryimage\",\"inLanguage\":\"en-US\",\"url\":\"https:\/\/www.dancarmarketing.com.br\/wp-content\/uploads\/2019\/01\/header-nacional.jpg\",\"width\":1240,\"height\":366},{\"@type\":\"WebPage\",\"@id\":\"https:\/\/18.228.218.113\/en\/turnes-nacionais\/#webpage\",\"url\":\"https:\/\/18.228.218.113\/en\/turnes-nacionais\/\",\"name\":\"Tours Brazilian Artists  - DMKT Productions %\",\"isPartOf\":{\"@id\":\"https:\/\/dancarmarketing.com.br\/#website\"},\"primaryImageOfPage\":{\"@id\":\"https:\/\/18.228.218.113\/en\/turnes-nacionais\/#primaryimage\"},\"datePublished\":\"2019-01-14T23:01:07+00:00\",\"dateModified\":\"2020-10-29T16:36:52+00:00\",\"description\":\"Buscando colocar o Brasil na rota dos principais espet\\u00e1culos do mundo e impulsionar o desenvolvimento do mercado de entretenimento do pa\\u00eds, a Dan\\u00e7ar Marketing produz shows e turn\\u00eas de grandes artistas, tanto nacionais como internacionais.\",\"breadcrumb\":{\"@id\":\"https:\/\/18.228.218.113\/en\/turnes-nacionais\/#breadcrumb\"},\"inLanguage\":\"en-US\",\"potentialAction\":[{\"@type\":\"ReadAction\",\"target\":[\"https:\/\/18.228.218.113\/en\/turnes-nacionais\/\"]}]},{\"@type\":\"BreadcrumbList\",\"@id\":\"https:\/\/18.228.218.113\/en\/turnes-nacionais\/#breadcrumb\",\"itemListElement\":[{\"@type\":\"ListItem\",\"position\":1,\"item\":{\"@type\":\"WebPage\",\"@id\":\"https:\/\/dancarmarketing.com.br\/\",\"url\":\"https:\/\/dancarmarketing.com.br\/\",\"name\":\"In\\u00edcio\"}},{\"@type\":\"ListItem\",\"position\":2,\"item\":{\"@type\":\"WebPage\",\"@id\":\"https:\/\/18.228.218.113\/en\/turnes-nacionais\/\",\"url\":\"https:\/\/18.228.218.113\/en\/turnes-nacionais\/\",\"name\":\"Turn\\u00easArtistas Nacionais\"}}]}]}<\/script>\n<!-- \/ Yoast SEO plugin. -->","amp_enabled":false,"_links":{"self":[{"href":"https:\/\/www.dancarmarketing.com.br\/en\/wp-json\/wp\/v2\/pages\/2049"}],"collection":[{"href":"https:\/\/www.dancarmarketing.com.br\/en\/wp-json\/wp\/v2\/pages"}],"about":[{"href":"https:\/\/www.dancarmarketing.com.br\/en\/wp-json\/wp\/v2\/types\/page"}],"author":[{"embeddable":true,"href":"https:\/\/www.dancarmarketing.com.br\/en\/wp-json\/wp\/v2\/users\/4"}],"replies":[{"embeddable":true,"href":"https:\/\/www.dancarmarketing.com.br\/en\/wp-json\/wp\/v2\/comments?post=2049"}],"version-history":[{"count":74,"href":"https:\/\/www.dancarmarketing.com.br\/en\/wp-json\/wp\/v2\/pages\/2049\/revisions"}],"predecessor-version":[{"id":6990,"href":"https:\/\/www.dancarmarketing.com.br\/en\/wp-json\/wp\/v2\/pages\/2049\/revisions\/6990"}],"wp:featuredmedia":[{"embeddable":true,"href":"https:\/\/www.dancarmarketing.com.br\/en\/wp-json\/wp\/v2\/media\/2274"}],"wp:attachment":[{"href":"https:\/\/www.dancarmarketing.com.br\/en\/wp-json\/wp\/v2\/media?parent=2049"}],"curies":[{"name":"wp","href":"https:\/\/api.w.org\/{rel}","templated":true}]}}